{"id":1289,"date":"2024-02-14T10:30:59","date_gmt":"2024-02-14T09:30:59","guid":{"rendered":"https:\/\/amochlorophylle.be\/?page_id=1289"},"modified":"2025-06-18T15:51:18","modified_gmt":"2025-06-18T13:51:18","slug":"amarrages","status":"publish","type":"page","link":"https:\/\/amochlorophylle.be\/?page_id=1289","title":{"rendered":"Amarrages"},"content":{"rendered":"\n<p>Le projet Amarrages+ vise \u00e0 apporter des r\u00e9ponses au processus de d\u00e9crochage scolaire en tenant compte de son caract\u00e8re complexe, progressif et multidimensionnel.<br>La philosophie du projet est bas\u00e9e sur le principe des alliances \u00e9ducatives selon laquelle l\u2019ensemble des acteurs actifs dans la lutte contre le d\u00e9crochage, travaillent ensemble et en concertation afin de proposer les r\u00e9ponses les plus adapt\u00e9es et pertinentes aux situations v\u00e9cues par les jeunes.<\/p>\n\n\n\n<p>L&rsquo;AMO peut mettre en place des activit\u00e9s:<\/p>\n\n\n\n<ul>\n<li>visant \u00e0 accroitre la motivation, la confiance en soi, l\u2019estime de soi<\/li>\n\n\n\n<li>de coop\u00e9ration, de communication, de socialisation afin de renforcer les liens sociaux et la dynamique de groupe<\/li>\n\n\n\n<li>d\u2019orientation scolaire et professionnelle <\/li>\n\n\n\n<li>de rem\u00e9diation et de soutien scolaire<\/li>\n\n\n\n<li>d\u2019orientation vers des aides externes&nbsp;<\/li>\n\n\n\n<li>li\u00e9es au comportement (alternatives \u00e0 l\u2019exclusion, gestion de la discipline, \u2026)<\/li>\n\n\n\n<li>collectives mobilisatrices&nbsp;<\/li>\n\n\n\n<li>visant la mobilisation et le soutien des familles<\/li>\n<\/ul>\n\n\n<div class=\"wp-block-image is-style-default\">\n<figure class=\"aligncenter size-full is-resized\"><img loading=\"lazy\" decoding=\"async\" width=\"609\" height=\"583\" data-orig-file=\"https:\/\/amochlorophylle.be\/wp-content\/uploads\/2024\/11\/europe.jpg\" data-attachment-url=\"https:\/\/amochlorophylle.be\/?attachment_id=1355\" data-aspectratio=\"1.04\" data-caption=\"\" data-image-title=\"europe\" data-image-description=\"\" srcset=\"https:\/\/amochlorophylle.be\/wp-content\/uploads\/2024\/11\/europe-300x287.jpg 300w, https:\/\/amochlorophylle.be\/wp-content\/uploads\/2024\/11\/europe.jpg 609w\" src=\"https:\/\/amochlorophylle.be\/wp-content\/uploads\/2024\/11\/europe.jpg\" alt=\". .\" class=\"wp-image-1355\" style=\"width:206px;height:auto\"\/><\/figure><\/div>","protected":false},"excerpt":{"rendered":"<p>Le projet Amarrages+ vise \u00e0 apporter des r\u00e9ponses au processus de d\u00e9crochage scolaire en tenant &hellip; <\/p>\n","protected":false},"author":1,"featured_media":0,"parent":0,"menu_order":0,"comment_status":"closed","ping_status":"closed","template":"","meta":{"footnotes":""},"_links":{"self":[{"href":"https:\/\/amochlorophylle.be\/index.php?rest_route=\/wp\/v2\/pages\/1289"}],"collection":[{"href":"https:\/\/amochlorophylle.be\/index.php?rest_route=\/wp\/v2\/pages"}],"about":[{"href":"https:\/\/amochlorophylle.be\/index.php?rest_route=\/wp\/v2\/types\/page"}],"author":[{"embeddable":true,"href":"https:\/\/amochlorophylle.be\/index.php?rest_route=\/wp\/v2\/users\/1"}],"replies":[{"embeddable":true,"href":"https:\/\/amochlorophylle.be\/index.php?rest_route=%2Fwp%2Fv2%2Fcomments&post=1289"}],"version-history":[{"count":6,"href":"https:\/\/amochlorophylle.be\/index.php?rest_route=\/wp\/v2\/pages\/1289\/revisions"}],"predecessor-version":[{"id":1393,"href":"https:\/\/amochlorophylle.be\/index.php?rest_route=\/wp\/v2\/pages\/1289\/revisions\/1393"}],"wp:attachment":[{"href":"https:\/\/amochlorophylle.be\/index.php?rest_route=%2Fwp%2Fv2%2Fmedia&parent=1289"}],"curies":[{"name":"wp","href":"https:\/\/api.w.org\/{rel}","templated":true}]}}